{"id":338,"date":"2016-05-02T16:14:46","date_gmt":"2016-05-02T13:14:46","guid":{"rendered":"http:\/\/eyli.com.tr\/?page_id=338"},"modified":"2016-10-10T19:58:30","modified_gmt":"2016-10-10T16:58:30","slug":"videolar","status":"publish","type":"page","link":"https:\/\/eyli.com.tr\/en\/videolar\/","title":{"rendered":"Video"},"content":{"rendered":"<div class=\"col-md-12\">\n<div class=\"col-md-3\" style=\"text-align: center;\"><a href=\"http:\/\/eyli.com.tr\/huzurlarinizda-yeni-volvo-a60h-videosu\/\"><img loading=\"lazy\" decoding=\"async\" class=\"aligncenter wp-image-585 size-medium\" src=\"http:\/\/eyli.com.tr\/wp-content\/uploads\/2016\/05\/Huzurlar\u0131n\u0131zda-Yeni-Volvo-A60H-300x225.jpg\" alt=\"Huzurlar\u0131n\u0131zda Yeni Volvo A60H\" width=\"300\" height=\"225\" srcset=\"https:\/\/eyli.com.tr\/wp-content\/uploads\/2016\/05\/Huzurlar\u0131n\u0131zda-Yeni-Volvo-A60H-300x225.jpg 300w, https:\/\/eyli.com.tr\/wp-content\/uploads\/2016\/05\/Huzurlar\u0131n\u0131zda-Yeni-Volvo-A60H.jpg 480w\" sizes=\"auto, (max-width: 300px) 100vw, 300px\" \/><\/a>\u00a0<a href=\"http:\/\/eyli.com.tr\/huzurlarinizda-yeni-volvo-a60h-videosu\/\">Huzurlar\u0131n\u0131zda Yeni Volvo A60H<\/a><\/div>\n<div class=\"col-md-3\" style=\"text-align: center;\"><a href=\"http:\/\/eyli.com.tr\/volvo-a60h-kaya-kamyonunu-ec950-ekskavatorunu-bauma-almanya-fuarinda-tanitti-videosu\/\"><img loading=\"lazy\" decoding=\"async\" class=\"wp-image-586 size-thumbnail aligncenter\" src=\"http:\/\/eyli.com.tr\/wp-content\/uploads\/2016\/05\/Volvo-A60H-Kaya-Kamyonunu-ve-EC950-Ekskavat\u00f6r\u00fcn\u00fc-Bauma-Almanya-Fuar\u0131nda-tan\u0131tt\u0131-300x225.jpg\" alt=\"Volvo A60H Kaya Kamyonunu ve EC950 Ekskavat\u00f6r\u00fcn\u00fc Bauma Almanya Fuar\u0131nda tan\u0131tt\u0131\" width=\"300\" height=\"225\" srcset=\"https:\/\/eyli.com.tr\/wp-content\/uploads\/2016\/05\/Volvo-A60H-Kaya-Kamyonunu-ve-EC950-Ekskavat\u00f6r\u00fcn\u00fc-Bauma-Almanya-Fuar\u0131nda-tan\u0131tt\u0131-300x225.jpg 300w, https:\/\/eyli.com.tr\/wp-content\/uploads\/2016\/05\/Volvo-A60H-Kaya-Kamyonunu-ve-EC950-Ekskavat\u00f6r\u00fcn\u00fc-Bauma-Almanya-Fuar\u0131nda-tan\u0131tt\u0131.jpg 480w\" sizes=\"auto, (max-width: 300px) 100vw, 300px\" \/>Volvo A60H Kaya Kamyonunu ve EC950 Ekskavat\u00f6r\u00fcn\u00fc Bauma Almanya Fuar\u0131nda tan\u0131tt\u0131<\/a><\/div>\n<div class=\"col-md-3\" style=\"text-align: center;\"><a href=\"http:\/\/eyli.com.tr\/volvo-a25d-kaya-kamyonunun-yuklu-halde-bile-etkileyici-geri-vites-performansi\/\"><img loading=\"lazy\" decoding=\"async\" class=\"aligncenter wp-image-1299 size-medium\" src=\"http:\/\/eyli.com.tr\/wp-content\/uploads\/2016\/05\/1-Volvo-A25D-yuklu-halde-bile-etkileyici-geri-vites-performansi-300x225.jpg\" width=\"300\" height=\"225\" srcset=\"https:\/\/eyli.com.tr\/wp-content\/uploads\/2016\/05\/1-Volvo-A25D-yuklu-halde-bile-etkileyici-geri-vites-performansi-300x225.jpg 300w, https:\/\/eyli.com.tr\/wp-content\/uploads\/2016\/05\/1-Volvo-A25D-yuklu-halde-bile-etkileyici-geri-vites-performansi.jpg 480w\" sizes=\"auto, (max-width: 300px) 100vw, 300px\" \/><\/a><a href=\"http:\/\/eyli.com.tr\/volvo-a25d-kaya-kamyonunun-yuklu-halde-bile-etkileyici-geri-vites-performansi\/\">Volvo A25D Kaya Kamyonunun Y\u00fckl\u00fc Halde Bile Etkileyici Geri Vites Performans\u0131<\/a><\/div>\n<div class=\"col-md-3\" style=\"text-align: center;\"><a href=\"http:\/\/eyli.com.tr\/volvo-a25d-zorlu-arazilerde-yuksek-egimlerde-bile-guvenli-yola-tutus-yuksek-performans\/\"><img loading=\"lazy\" decoding=\"async\" class=\"aligncenter wp-image-1300 size-medium\" src=\"http:\/\/eyli.com.tr\/wp-content\/uploads\/2016\/05\/2-Volvo-A25D-zorlu-arazilerde-ve-yuksek-egimlerde-bile-guvenli-yola-tutus-ve-yuksek-performans-300x225.jpg\" width=\"300\" height=\"225\" srcset=\"https:\/\/eyli.com.tr\/wp-content\/uploads\/2016\/05\/2-Volvo-A25D-zorlu-arazilerde-ve-yuksek-egimlerde-bile-guvenli-yola-tutus-ve-yuksek-performans-300x225.jpg 300w, https:\/\/eyli.com.tr\/wp-content\/uploads\/2016\/05\/2-Volvo-A25D-zorlu-arazilerde-ve-yuksek-egimlerde-bile-guvenli-yola-tutus-ve-yuksek-performans.jpg 480w\" sizes=\"auto, (max-width: 300px) 100vw, 300px\" \/><\/a><a href=\"http:\/\/eyli.com.tr\/volvo-a25d-zorlu-arazilerde-yuksek-egimlerde-bile-guvenli-yola-tutus-yuksek-performans\/\">Volvo A25D Zorlu Arazilerde ve Y\u00fcksek E\u011fimlerde Bile G\u00fcvenli Yola Tutu\u015f ve Y\u00fcksek Performans<\/a><\/div>\n<\/div>\n<div class=\"col-md-12\">\n<div class=\"col-md-3\" style=\"text-align: center;\"><a href=\"http:\/\/eyli.com.tr\/volvo-belden-kirmali-yuk-tasiyici-kaya-kamyonu\/\"><img loading=\"lazy\" decoding=\"async\" class=\"aligncenter wp-image-1301 size-medium\" src=\"http:\/\/eyli.com.tr\/wp-content\/uploads\/2016\/05\/3-Volvo-mafsalli-yuk-tasiyici-kamyon-300x225.jpg\" width=\"300\" height=\"225\" srcset=\"https:\/\/eyli.com.tr\/wp-content\/uploads\/2016\/05\/3-Volvo-mafsalli-yuk-tasiyici-kamyon-300x225.jpg 300w, https:\/\/eyli.com.tr\/wp-content\/uploads\/2016\/05\/3-Volvo-mafsalli-yuk-tasiyici-kamyon.jpg 480w\" sizes=\"auto, (max-width: 300px) 100vw, 300px\" \/>Volvo Belden K\u0131rmal\u0131 Y\u00fck Ta\u015f\u0131y\u0131c\u0131 Kaya Kamyonu<\/a><\/div>\n<div class=\"col-md-3\" style=\"text-align: center;\"><a href=\"http:\/\/eyli.com.tr\/a25e-santiye-profesyonellerinin-tercihi-olmaya-devam-edecektir\/\"><img loading=\"lazy\" decoding=\"async\" class=\"aligncenter wp-image-1302 size-medium\" src=\"http:\/\/eyli.com.tr\/wp-content\/uploads\/2016\/05\/4-A25E-santiye-profesyonellerinin-tercihi-olmaya-devam-edecektir-300x225.jpg\" width=\"300\" height=\"225\" srcset=\"https:\/\/eyli.com.tr\/wp-content\/uploads\/2016\/05\/4-A25E-santiye-profesyonellerinin-tercihi-olmaya-devam-edecektir-300x225.jpg 300w, https:\/\/eyli.com.tr\/wp-content\/uploads\/2016\/05\/4-A25E-santiye-profesyonellerinin-tercihi-olmaya-devam-edecektir.jpg 480w\" sizes=\"auto, (max-width: 300px) 100vw, 300px\" \/><\/a><a href=\"http:\/\/eyli.com.tr\/a25e-santiye-profesyonellerinin-tercihi-olmaya-devam-edecektir\/\">A25E \u015eantiye Profesyonellerinin Tercihi Olmaya Devam Edecektir<\/a><\/div>\n<div class=\"col-md-3\" style=\"text-align: center;\"><a href=\"http:\/\/eyli.com.tr\/volvo-a25e-yuk-kamyonlari-her-tip-tekerlekli-veya-paletli-kepce-ile-rahat-bir-sekilde-calisabilirler\/\"><img loading=\"lazy\" decoding=\"async\" class=\"aligncenter wp-image-1303 size-medium\" src=\"http:\/\/eyli.com.tr\/wp-content\/uploads\/2016\/05\/5-Volvo-A25E-yuk-kamyonlari-her-tip-tekerlekli-veya-paletli-kepce-ile-rahat-bir-sekilde-calisabilirler-300x225.jpg\" width=\"300\" height=\"225\" srcset=\"https:\/\/eyli.com.tr\/wp-content\/uploads\/2016\/05\/5-Volvo-A25E-yuk-kamyonlari-her-tip-tekerlekli-veya-paletli-kepce-ile-rahat-bir-sekilde-calisabilirler-300x225.jpg 300w, https:\/\/eyli.com.tr\/wp-content\/uploads\/2016\/05\/5-Volvo-A25E-yuk-kamyonlari-her-tip-tekerlekli-veya-paletli-kepce-ile-rahat-bir-sekilde-calisabilirler.jpg 480w\" sizes=\"auto, (max-width: 300px) 100vw, 300px\" \/><\/a><a href=\"http:\/\/eyli.com.tr\/volvo-a25e-yuk-kamyonlari-her-tip-tekerlekli-veya-paletli-kepce-ile-rahat-bir-sekilde-calisabilirler\/\">Volvo A25E Y\u00fck Kamyonlar\u0131 Her Tip Tekerlekli veya Paletli Kep\u00e7e ile Rahat Bir \u015eekilde \u00c7al\u0131\u015fabilirler<\/a><\/div>\n<div class=\"col-md-3\" style=\"text-align: center;\"><a href=\"http:\/\/eyli.com.tr\/dusuk-basincli-lastikler-ile-donatilmis-volvo-a30d\/\"><img loading=\"lazy\" decoding=\"async\" class=\"aligncenter wp-image-1304 size-medium\" src=\"http:\/\/eyli.com.tr\/wp-content\/uploads\/2016\/05\/6-Dusuk-basincli-lastikler-ile-donatilmis-Volvo-A30D-300x225.jpg\" width=\"300\" height=\"225\" srcset=\"https:\/\/eyli.com.tr\/wp-content\/uploads\/2016\/05\/6-Dusuk-basincli-lastikler-ile-donatilmis-Volvo-A30D-300x225.jpg 300w, https:\/\/eyli.com.tr\/wp-content\/uploads\/2016\/05\/6-Dusuk-basincli-lastikler-ile-donatilmis-Volvo-A30D.jpg 480w\" sizes=\"auto, (max-width: 300px) 100vw, 300px\" \/>D\u00fc\u015f\u00fck Bas\u0131n\u00e7l\u0131 Lastikler ile Donat\u0131lm\u0131\u015f Volvo A30D<\/a><\/div>\n<\/div>\n<div class=\"col-md-12\">\n<div class=\"col-md-3\" style=\"text-align: center;\"><a href=\"http:\/\/eyli.com.tr\/volvo-a30dnin-kabini-surus-kolayligi-saglayacak-sekilde-tasarlanmistir\/\"><img loading=\"lazy\" decoding=\"async\" class=\"aligncenter wp-image-1305 size-medium\" src=\"http:\/\/eyli.com.tr\/wp-content\/uploads\/2016\/05\/7-Volvo-A30D-nin-kabini-surus-kolayligi-saglayacak-sekilde-tasarlanmistir-300x225.jpg\" width=\"300\" height=\"225\" srcset=\"https:\/\/eyli.com.tr\/wp-content\/uploads\/2016\/05\/7-Volvo-A30D-nin-kabini-surus-kolayligi-saglayacak-sekilde-tasarlanmistir-300x225.jpg 300w, https:\/\/eyli.com.tr\/wp-content\/uploads\/2016\/05\/7-Volvo-A30D-nin-kabini-surus-kolayligi-saglayacak-sekilde-tasarlanmistir.jpg 480w\" sizes=\"auto, (max-width: 300px) 100vw, 300px\" \/>Volvo A30D\u2019nin Kabini S\u00fcr\u00fc\u015f Kolayl\u0131\u011f\u0131 Sa\u011flayacak \u015eekilde Tasarlanm\u0131\u015ft\u0131r<\/a><\/div>\n<div class=\"col-md-3\" style=\"text-align: center;\"><a href=\"http:\/\/eyli.com.tr\/volvo-a30d-nin-kabini-surus-kolayligi-saglayacak-sekilde-tasarlanmistir\/\"><img loading=\"lazy\" decoding=\"async\" class=\"aligncenter wp-image-1306 size-medium\" src=\"http:\/\/eyli.com.tr\/wp-content\/uploads\/2016\/05\/8-Volvo-A30D-nin-kabini-surus-kolayligi-saglayacak-sekilde-tasarlanmistir-300x225.jpg\" width=\"300\" height=\"225\" srcset=\"https:\/\/eyli.com.tr\/wp-content\/uploads\/2016\/05\/8-Volvo-A30D-nin-kabini-surus-kolayligi-saglayacak-sekilde-tasarlanmistir-300x225.jpg 300w, https:\/\/eyli.com.tr\/wp-content\/uploads\/2016\/05\/8-Volvo-A30D-nin-kabini-surus-kolayligi-saglayacak-sekilde-tasarlanmistir.jpg 480w\" sizes=\"auto, (max-width: 300px) 100vw, 300px\" \/>Volvo A30D\u2019nin Kabini S\u00fcr\u00fc\u015f Kolayl\u0131\u011f\u0131 Sa\u011flayacak \u015eekilde Tasarlanm\u0131\u015ft\u0131r<\/a><\/div>\n<div class=\"col-md-3\" style=\"text-align: center;\"><a href=\"http:\/\/eyli.com.tr\/a30e-damperli-kamyonlar\/\"><img loading=\"lazy\" decoding=\"async\" class=\"aligncenter wp-image-1307 size-medium\" src=\"http:\/\/eyli.com.tr\/wp-content\/uploads\/2016\/05\/9-A30E-damperli-kamyonlar-300x225.jpg\" width=\"300\" height=\"225\" srcset=\"https:\/\/eyli.com.tr\/wp-content\/uploads\/2016\/05\/9-A30E-damperli-kamyonlar-300x225.jpg 300w, https:\/\/eyli.com.tr\/wp-content\/uploads\/2016\/05\/9-A30E-damperli-kamyonlar.jpg 480w\" sizes=\"auto, (max-width: 300px) 100vw, 300px\" \/>A30E Damperli Kamyonlar<\/a><\/div>\n<div class=\"col-md-3\" style=\"text-align: center;\"><a href=\"http:\/\/eyli.com.tr\/volvo-a30e-sizlere-bir-binek-arabasinin-surus-ozelliklerini-sunmaktadir\/\"><img loading=\"lazy\" decoding=\"async\" class=\"aligncenter wp-image-1308 size-medium\" src=\"http:\/\/eyli.com.tr\/wp-content\/uploads\/2016\/05\/10-Volvo-A30E-sizlere-bir-binek-arabasinin-surus-ozelliklerini-sunmaktadir-300x225.jpg\" width=\"300\" height=\"225\" srcset=\"https:\/\/eyli.com.tr\/wp-content\/uploads\/2016\/05\/10-Volvo-A30E-sizlere-bir-binek-arabasinin-surus-ozelliklerini-sunmaktadir-300x225.jpg 300w, https:\/\/eyli.com.tr\/wp-content\/uploads\/2016\/05\/10-Volvo-A30E-sizlere-bir-binek-arabasinin-surus-ozelliklerini-sunmaktadir.jpg 480w\" sizes=\"auto, (max-width: 300px) 100vw, 300px\" \/>Volvo A30E Sizlere Bir Binek Arabas\u0131n\u0131n S\u00fcr\u00fc\u015f \u00d6zelliklerini Sunmaktad\u0131r<\/a><\/div>\n<\/div>\n<div class=\"col-md-12\">\n<div class=\"col-md-3\" style=\"text-align: center;\"><a href=\"http:\/\/eyli.com.tr\/volvo-a30e-kaya-kamyonu-yuksek-yuk-tasima-kapasitesine-sahip-bir-aractir\/\"><img loading=\"lazy\" decoding=\"async\" class=\"aligncenter wp-image-1309 size-medium\" src=\"http:\/\/eyli.com.tr\/wp-content\/uploads\/2016\/05\/11-A30E-yuksek-yuk-tasima-kapasitesine-sahip-bir-aractir-300x225.jpg\" width=\"300\" height=\"225\" srcset=\"https:\/\/eyli.com.tr\/wp-content\/uploads\/2016\/05\/11-A30E-yuksek-yuk-tasima-kapasitesine-sahip-bir-aractir-300x225.jpg 300w, https:\/\/eyli.com.tr\/wp-content\/uploads\/2016\/05\/11-A30E-yuksek-yuk-tasima-kapasitesine-sahip-bir-aractir.jpg 480w\" sizes=\"auto, (max-width: 300px) 100vw, 300px\" \/>Volvo A30E Kaya kamyonu y\u00fcksek y\u00fck ta\u015f\u0131ma kapasitesine sahip bir ara\u00e7t\u0131r<\/a><\/div>\n<div class=\"col-md-3\" style=\"text-align: center;\"><a href=\"http:\/\/eyli.com.tr\/a35d-volvo-kaya-kamyonlari\/\"><img loading=\"lazy\" decoding=\"async\" class=\"aligncenter wp-image-1310 size-medium\" src=\"http:\/\/eyli.com.tr\/wp-content\/uploads\/2016\/05\/12-A35D-Volvo-Kaya-kamyonlari-300x225.jpg\" width=\"300\" height=\"225\" srcset=\"https:\/\/eyli.com.tr\/wp-content\/uploads\/2016\/05\/12-A35D-Volvo-Kaya-kamyonlari-300x225.jpg 300w, https:\/\/eyli.com.tr\/wp-content\/uploads\/2016\/05\/12-A35D-Volvo-Kaya-kamyonlari.jpg 480w\" sizes=\"auto, (max-width: 300px) 100vw, 300px\" \/>A35D Volvo Kaya kamyonlar\u0131<\/a><\/div>\n<div class=\"col-md-3\" style=\"text-align: center;\"><a href=\"http:\/\/eyli.com.tr\/a35d-kaya-kamyonu-ozel-tasarimi-sayesinde-rahatca-hareket-edebilir\/\"><img loading=\"lazy\" decoding=\"async\" class=\"aligncenter wp-image-1311 size-medium\" src=\"http:\/\/eyli.com.tr\/wp-content\/uploads\/2016\/05\/13-A35D-ozel-tasarimi-sayesinde-rahatca-hareket-edebilir-300x225.jpg\" width=\"300\" height=\"225\" srcset=\"https:\/\/eyli.com.tr\/wp-content\/uploads\/2016\/05\/13-A35D-ozel-tasarimi-sayesinde-rahatca-hareket-edebilir-300x225.jpg 300w, https:\/\/eyli.com.tr\/wp-content\/uploads\/2016\/05\/13-A35D-ozel-tasarimi-sayesinde-rahatca-hareket-edebilir.jpg 480w\" sizes=\"auto, (max-width: 300px) 100vw, 300px\" \/>A35D Kaya Kamyonu \u00f6zel tasar\u0131m\u0131 sayesinde rahat\u00e7a hareket edebilir<\/a><\/div>\n<div class=\"col-md-3\" style=\"text-align: center;\"><a href=\"http:\/\/eyli.com.tr\/a35d-rahat-verimli-bir-cozum-sunar\/\"><img loading=\"lazy\" decoding=\"async\" class=\"aligncenter wp-image-1312 size-medium\" src=\"http:\/\/eyli.com.tr\/wp-content\/uploads\/2016\/05\/14-A35D-rahat-ve-verimli-bir-cozum-sunar-300x225.jpg\" width=\"300\" height=\"225\" srcset=\"https:\/\/eyli.com.tr\/wp-content\/uploads\/2016\/05\/14-A35D-rahat-ve-verimli-bir-cozum-sunar-300x225.jpg 300w, https:\/\/eyli.com.tr\/wp-content\/uploads\/2016\/05\/14-A35D-rahat-ve-verimli-bir-cozum-sunar.jpg 480w\" sizes=\"auto, (max-width: 300px) 100vw, 300px\" \/>A35D rahat ve verimli bir \u00e7\u00f6z\u00fcm sunar<\/a><\/div>\n<\/div>\n<div class=\"col-md-12\">\n<div class=\"col-md-3\" style=\"text-align: center;\"><a href=\"http:\/\/eyli.com.tr\/a35f-kaya-kamyonlari\/\"><img loading=\"lazy\" decoding=\"async\" class=\"aligncenter wp-image-1313 size-medium\" src=\"http:\/\/eyli.com.tr\/wp-content\/uploads\/2016\/05\/15-A35F-Mafsalli-Kaya-Kamyonlari-300x225.jpg\" width=\"300\" height=\"225\" srcset=\"https:\/\/eyli.com.tr\/wp-content\/uploads\/2016\/05\/15-A35F-Mafsalli-Kaya-Kamyonlari-300x225.jpg 300w, https:\/\/eyli.com.tr\/wp-content\/uploads\/2016\/05\/15-A35F-Mafsalli-Kaya-Kamyonlari.jpg 480w\" sizes=\"auto, (max-width: 300px) 100vw, 300px\" \/>A35F Kaya Kamyonlar\u0131<\/a><\/div>\n<div class=\"col-md-3\" style=\"text-align: center;\"><a href=\"http:\/\/eyli.com.tr\/guvenlik-verimlilik-surdurulebilirligin-on-plana-alindigi-tasarim-a35f\/\"><img loading=\"lazy\" decoding=\"async\" class=\"aligncenter wp-image-1314 size-medium\" src=\"http:\/\/eyli.com.tr\/wp-content\/uploads\/2016\/05\/16-Guvenlik-verimlilik-ve-surdurulebilirligin-on-plana-alindigi-tasarim-A35F-300x225.jpg\" width=\"300\" height=\"225\" srcset=\"https:\/\/eyli.com.tr\/wp-content\/uploads\/2016\/05\/16-Guvenlik-verimlilik-ve-surdurulebilirligin-on-plana-alindigi-tasarim-A35F-300x225.jpg 300w, https:\/\/eyli.com.tr\/wp-content\/uploads\/2016\/05\/16-Guvenlik-verimlilik-ve-surdurulebilirligin-on-plana-alindigi-tasarim-A35F.jpg 480w\" sizes=\"auto, (max-width: 300px) 100vw, 300px\" \/>G\u00fcvenlik verimlilik ve s\u00fcrd\u00fcr\u00fclebilirli\u011fin \u00f6n plana al\u0131nd\u0131\u011f\u0131 tasar\u0131m A35F<\/a><\/div>\n<div class=\"col-md-3\" style=\"text-align: center;\"><a href=\"http:\/\/eyli.com.tr\/volvo-a40d-kaya-kamyonlari\/\"><img loading=\"lazy\" decoding=\"async\" class=\"aligncenter wp-image-1315 size-medium\" src=\"http:\/\/eyli.com.tr\/wp-content\/uploads\/2016\/05\/17-Volvo-A40D-Mafsalli-Kaya-Kamyonlari-300x225.jpg\" width=\"300\" height=\"225\" srcset=\"https:\/\/eyli.com.tr\/wp-content\/uploads\/2016\/05\/17-Volvo-A40D-Mafsalli-Kaya-Kamyonlari-300x225.jpg 300w, https:\/\/eyli.com.tr\/wp-content\/uploads\/2016\/05\/17-Volvo-A40D-Mafsalli-Kaya-Kamyonlari.jpg 480w\" sizes=\"auto, (max-width: 300px) 100vw, 300px\" \/>Volvo A40D Kaya Kamyonlar\u0131<\/a><\/div>\n<div class=\"col-md-3\" style=\"text-align: center;\"><a href=\"http:\/\/eyli.com.tr\/volvo-a40d-dusuk-isletim-bakim-masraflari-ile-bilinmektedir\/\"><img loading=\"lazy\" decoding=\"async\" class=\"aligncenter wp-image-1316 size-medium\" src=\"http:\/\/eyli.com.tr\/wp-content\/uploads\/2016\/05\/18-VOLVO-A40D-dusuk-isletim-ve-bakim-masraflari-ile-bilinmektedir-300x225.jpg\" width=\"300\" height=\"225\" srcset=\"https:\/\/eyli.com.tr\/wp-content\/uploads\/2016\/05\/18-VOLVO-A40D-dusuk-isletim-ve-bakim-masraflari-ile-bilinmektedir-300x225.jpg 300w, https:\/\/eyli.com.tr\/wp-content\/uploads\/2016\/05\/18-VOLVO-A40D-dusuk-isletim-ve-bakim-masraflari-ile-bilinmektedir.jpg 480w\" sizes=\"auto, (max-width: 300px) 100vw, 300px\" \/>VOLVO A40D d\u00fc\u015f\u00fck i\u015fletim ve bak\u0131m masraflar\u0131 ile bilinmektedir<\/a><\/div>\n<\/div>\n<div class=\"col-md-12\">\n<div class=\"col-md-3\" style=\"text-align: center;\"><a href=\"http:\/\/eyli.com.tr\/volvo-a40d-coklu-damper-cozumleri-ile-verimlilik-saglamaktadir\/\"><img loading=\"lazy\" decoding=\"async\" class=\"aligncenter wp-image-1317 size-medium\" src=\"http:\/\/eyli.com.tr\/wp-content\/uploads\/2016\/05\/19-Volvo-A40D-coklu-damper-cozumleri-ile-verimlilik-saglamaktadir-300x225.jpg\" width=\"300\" height=\"225\" srcset=\"https:\/\/eyli.com.tr\/wp-content\/uploads\/2016\/05\/19-Volvo-A40D-coklu-damper-cozumleri-ile-verimlilik-saglamaktadir-300x225.jpg 300w, https:\/\/eyli.com.tr\/wp-content\/uploads\/2016\/05\/19-Volvo-A40D-coklu-damper-cozumleri-ile-verimlilik-saglamaktadir.jpg 480w\" sizes=\"auto, (max-width: 300px) 100vw, 300px\" \/>Volvo A40D \u00e7oklu damper \u00e7\u00f6z\u00fcmleri ile verimlilik sa\u011flamaktad\u0131r<\/a><\/div>\n<div class=\"col-md-3\" style=\"text-align: center;\"><a href=\"http:\/\/eyli.com.tr\/volvo-a40e-yuklu-halde-bile-yuksek-egimleri-tirmanabilir-cekis-gucunu-koruyabilir\/\"><img loading=\"lazy\" decoding=\"async\" class=\"aligncenter wp-image-1318 size-medium\" src=\"http:\/\/eyli.com.tr\/wp-content\/uploads\/2016\/05\/20-Volvo-A40E-yulu-halde-bile-yuksek-egimleri-tirmanabilir-ve-cekis-gucunu-koruyabilir-300x225.jpg\" width=\"300\" height=\"225\" srcset=\"https:\/\/eyli.com.tr\/wp-content\/uploads\/2016\/05\/20-Volvo-A40E-yulu-halde-bile-yuksek-egimleri-tirmanabilir-ve-cekis-gucunu-koruyabilir-300x225.jpg 300w, https:\/\/eyli.com.tr\/wp-content\/uploads\/2016\/05\/20-Volvo-A40E-yulu-halde-bile-yuksek-egimleri-tirmanabilir-ve-cekis-gucunu-koruyabilir.jpg 480w\" sizes=\"auto, (max-width: 300px) 100vw, 300px\" \/>Volvo A40E y\u00fckl\u00fc halde bile y\u00fcksek e\u011fimleri t\u0131rmanabilir ve \u00e7eki\u015f g\u00fcc\u00fcn\u00fc koruyabilir<\/a><\/div>\n<div class=\"col-md-3\" style=\"text-align: center;\"><a href=\"http:\/\/eyli.com.tr\/volvo-a40e-belden-kirmali-yuk-kamyonu\/\"><img loading=\"lazy\" decoding=\"async\" class=\"aligncenter wp-image-1319 size-medium\" src=\"http:\/\/eyli.com.tr\/wp-content\/uploads\/2016\/05\/21-Volvo-A40E-Mafsalli-Yuk-Kamyonu-300x225.jpg\" width=\"300\" height=\"225\" srcset=\"https:\/\/eyli.com.tr\/wp-content\/uploads\/2016\/05\/21-Volvo-A40E-Mafsalli-Yuk-Kamyonu-300x225.jpg 300w, https:\/\/eyli.com.tr\/wp-content\/uploads\/2016\/05\/21-Volvo-A40E-Mafsalli-Yuk-Kamyonu.jpg 480w\" sizes=\"auto, (max-width: 300px) 100vw, 300px\" \/>Volvo A40E Belden K\u0131rmal\u0131 Kaya Kamyonu<\/a><\/div>\n<div class=\"col-md-3\" style=\"text-align: center;\"><a href=\"http:\/\/eyli.com.tr\/basariya-giden-yol\/\"><img loading=\"lazy\" decoding=\"async\" class=\"aligncenter wp-image-1320 size-medium\" src=\"http:\/\/eyli.com.tr\/wp-content\/uploads\/2016\/05\/22-Basariya-giden-yol-300x225.jpg\" width=\"300\" height=\"225\" srcset=\"https:\/\/eyli.com.tr\/wp-content\/uploads\/2016\/05\/22-Basariya-giden-yol-300x225.jpg 300w, https:\/\/eyli.com.tr\/wp-content\/uploads\/2016\/05\/22-Basariya-giden-yol.jpg 480w\" sizes=\"auto, (max-width: 300px) 100vw, 300px\" \/>Ba\u015far\u0131ya giden yol<\/a><\/div>\n<\/div>\n<div class=\"col-md-12\">\n<div class=\"col-md-3\" style=\"text-align: center;\"><a href=\"http:\/\/eyli.com.tr\/volvo-a40f-kaya-kamyonlari-size-performansin-yaninda-verimlilik-de-saglar\/\"><img loading=\"lazy\" decoding=\"async\" class=\"aligncenter wp-image-1321 size-medium\" src=\"http:\/\/eyli.com.tr\/wp-content\/uploads\/2016\/05\/23-A40F-size-performansin-yaninda-verimlilik-de-saglar-300x225.jpg\" width=\"300\" height=\"225\" srcset=\"https:\/\/eyli.com.tr\/wp-content\/uploads\/2016\/05\/23-A40F-size-performansin-yaninda-verimlilik-de-saglar-300x225.jpg 300w, https:\/\/eyli.com.tr\/wp-content\/uploads\/2016\/05\/23-A40F-size-performansin-yaninda-verimlilik-de-saglar.jpg 480w\" sizes=\"auto, (max-width: 300px) 100vw, 300px\" \/>Volvo A40F kaya kamyonlar\u0131 size performans\u0131n yan\u0131nda verimlilik de sa\u011flar<\/a><\/div>\n<div class=\"col-md-3\" style=\"text-align: center;\"><a href=\"http:\/\/eyli.com.tr\/a40f-yuk-kamyonlari-agir-sartlarda-verimli-bir-sonuc-sunar\/\"><img loading=\"lazy\" decoding=\"async\" class=\"aligncenter wp-image-1322 size-medium\" src=\"http:\/\/eyli.com.tr\/wp-content\/uploads\/2016\/05\/24-Agir-sartlarda-verimli-bir-sonuc-sunar-300x225.jpg\" width=\"300\" height=\"225\" srcset=\"https:\/\/eyli.com.tr\/wp-content\/uploads\/2016\/05\/24-Agir-sartlarda-verimli-bir-sonuc-sunar-300x225.jpg 300w, https:\/\/eyli.com.tr\/wp-content\/uploads\/2016\/05\/24-Agir-sartlarda-verimli-bir-sonuc-sunar.jpg 480w\" sizes=\"auto, (max-width: 300px) 100vw, 300px\" \/>A40F y\u00fck kamyonlar\u0131 a\u011f\u0131r \u015fartlarda verimli bir sonu\u00e7 sunar<\/a><\/div>\n<div class=\"col-md-3\" style=\"text-align: center;\"><a href=\"http:\/\/eyli.com.tr\/volvo-a40f-serisi-yuk-kamyonlari\/\"><img loading=\"lazy\" decoding=\"async\" class=\"aligncenter wp-image-1323 size-medium\" src=\"http:\/\/eyli.com.tr\/wp-content\/uploads\/2016\/05\/25-Volvo-A40F-serisi-yuk-kamyonlari-300x225.jpg\" width=\"300\" height=\"225\" srcset=\"https:\/\/eyli.com.tr\/wp-content\/uploads\/2016\/05\/25-Volvo-A40F-serisi-yuk-kamyonlari-300x225.jpg 300w, https:\/\/eyli.com.tr\/wp-content\/uploads\/2016\/05\/25-Volvo-A40F-serisi-yuk-kamyonlari.jpg 480w\" sizes=\"auto, (max-width: 300px) 100vw, 300px\" \/>Volvo A40F serisi y\u00fck kamyonlar\u0131<\/a><\/div>\n<div class=\"col-md-3\" style=\"text-align: center;\"><a href=\"http:\/\/eyli.com.tr\/a40g-volvo-kaya-kamyonlari-gerektigi-yer-zamanda-guc-saglamak\/\"><img loading=\"lazy\" decoding=\"async\" class=\"aligncenter wp-image-1324 size-medium\" src=\"http:\/\/eyli.com.tr\/wp-content\/uploads\/2016\/05\/26-A40G-volvo-kaya-kamyonlari-gerektigi-yer-ve-zamanda-guc-saglamak-300x225.jpg\" width=\"300\" height=\"225\" srcset=\"https:\/\/eyli.com.tr\/wp-content\/uploads\/2016\/05\/26-A40G-volvo-kaya-kamyonlari-gerektigi-yer-ve-zamanda-guc-saglamak-300x225.jpg 300w, https:\/\/eyli.com.tr\/wp-content\/uploads\/2016\/05\/26-A40G-volvo-kaya-kamyonlari-gerektigi-yer-ve-zamanda-guc-saglamak.jpg 480w\" sizes=\"auto, (max-width: 300px) 100vw, 300px\" \/>A40G Volvo Kaya kamyonlar\u0131 gerekti\u011fi yer ve zamanda g\u00fc\u00e7 sa\u011flamak<\/a><\/div>\n<\/div>\n<div class=\"col-md-12\">\n<div class=\"col-md-3\" style=\"text-align: center;\"><a href=\"http:\/\/eyli.com.tr\/a40g-volvo-kaya-kamyonlari-500-saat-sonrasi-yag-degistirme-islemi\/\"><img loading=\"lazy\" decoding=\"async\" class=\"aligncenter wp-image-1325 size-medium\" src=\"http:\/\/eyli.com.tr\/wp-content\/uploads\/2016\/05\/27-A40G-volvo-kaya-kamyonlari-500-saat-sonrasi-yag-degistirme-islemi-300x225.jpg\" width=\"300\" height=\"225\" srcset=\"https:\/\/eyli.com.tr\/wp-content\/uploads\/2016\/05\/27-A40G-volvo-kaya-kamyonlari-500-saat-sonrasi-yag-degistirme-islemi-300x225.jpg 300w, https:\/\/eyli.com.tr\/wp-content\/uploads\/2016\/05\/27-A40G-volvo-kaya-kamyonlari-500-saat-sonrasi-yag-degistirme-islemi.jpg 480w\" sizes=\"auto, (max-width: 300px) 100vw, 300px\" \/>A40G Volvo Kaya kamyonlar\u0131 500 saat sonras\u0131 ya\u011f de\u011fi\u015ftirme i\u015flemi<\/a><\/div>\n<div class=\"col-md-3\" style=\"text-align: center;\"><a href=\"http:\/\/eyli.com.tr\/iste-size-2014-model-volvo-a40g-belden-kirmali-kaya-kamyonu\/\"><img loading=\"lazy\" decoding=\"async\" class=\"aligncenter wp-image-1326 size-medium\" src=\"http:\/\/eyli.com.tr\/wp-content\/uploads\/2016\/05\/28-iste-size-2014-model-Volvo-A40G-Mafsalli-yuk-kamyonu-300x225.jpg\" width=\"300\" height=\"225\" srcset=\"https:\/\/eyli.com.tr\/wp-content\/uploads\/2016\/05\/28-iste-size-2014-model-Volvo-A40G-Mafsalli-yuk-kamyonu-300x225.jpg 300w, https:\/\/eyli.com.tr\/wp-content\/uploads\/2016\/05\/28-iste-size-2014-model-Volvo-A40G-Mafsalli-yuk-kamyonu.jpg 480w\" sizes=\"auto, (max-width: 300px) 100vw, 300px\" \/>\u0130\u015fte size 2014 model Volvo A40G Belden K\u0131rmal\u0131 kaya kamyonu<\/a><\/div>\n<div class=\"col-md-3\" style=\"text-align: center;\"><a href=\"http:\/\/eyli.com.tr\/volvo-yeni-f-serisi-kaya-kamyonlarini-sunar\/\"><img loading=\"lazy\" decoding=\"async\" class=\"aligncenter wp-image-1327 size-medium\" src=\"http:\/\/eyli.com.tr\/wp-content\/uploads\/2016\/05\/29-Volvo-yeni-F-serisi-tasima-kamyonlarini-sunar-300x225.jpg\" width=\"300\" height=\"225\" srcset=\"https:\/\/eyli.com.tr\/wp-content\/uploads\/2016\/05\/29-Volvo-yeni-F-serisi-tasima-kamyonlarini-sunar-300x225.jpg 300w, https:\/\/eyli.com.tr\/wp-content\/uploads\/2016\/05\/29-Volvo-yeni-F-serisi-tasima-kamyonlarini-sunar.jpg 480w\" sizes=\"auto, (max-width: 300px) 100vw, 300px\" \/>Volvo yeni F serisi kaya kamyonlar\u0131n\u0131 sunar<\/a><\/div>\n<div class=\"col-md-3\" style=\"text-align: center;\"><\/div>\n<\/div>\n","protected":false},"excerpt":{"rendered":"<p>\u00a0Huzurlar\u0131n\u0131zda Yeni Volvo A60H Volvo A60H Kaya Kamyonunu ve EC950 Ekskavat\u00f6r\u00fcn\u00fc Bauma Almanya Fuar\u0131nda tan\u0131tt\u0131 Volvo A25D Kaya Kamyonunun Y\u00fckl\u00fc Halde Bile Etkileyici Geri Vites Performans\u0131 Volvo A25D Zorlu Arazilerde ve Y\u00fcksek E\u011fimlerde Bile G\u00fcvenli Yola Tutu\u015f ve Y\u00fcksek Performans Volvo Belden K\u0131rmal\u0131 Y\u00fck Ta\u015f\u0131y\u0131c\u0131 Kaya Kamyonu A25E \u015eantiye Profesyonellerinin Tercihi Olmaya Devam Edecektir Volvo [&hellip;]<\/p>\n","protected":false},"author":1,"featured_media":0,"parent":0,"menu_order":0,"comment_status":"closed","ping_status":"closed","template":"page-fullwidth.php","meta":{"footnotes":""},"class_list":["post-338","page","type-page","status-publish","hentry"],"yoast_head":"<!-- This site is optimized with the Yoast SEO plugin v26.8 - https:\/\/yoast.com\/product\/yoast-seo-wordpress\/ -->\n<title>Video - Eyli \u0130\u015f Makineleri<\/title>\n<meta name=\"robots\" content=\"index, follow, max-snippet:-1, max-image-preview:large, max-video-preview:-1\" \/>\n<link rel=\"canonical\" href=\"https:\/\/eyli.com.tr\/videolar\/\" \/>\n<meta property=\"og:locale\" content=\"en_US\" \/>\n<meta property=\"og:type\" content=\"article\" \/>\n<meta property=\"og:title\" content=\"[:tr]Videolar[:en]Video[:ru]\u0432\u0438\u0434\u0435\u043e[:] - Eyli \u0130\u015f Makineleri\" \/>\n<meta property=\"og:description\" content=\"\u00a0Huzurlar\u0131n\u0131zda Yeni Volvo A60H Volvo A60H Kaya Kamyonunu ve EC950 Ekskavat\u00f6r\u00fcn\u00fc Bauma Almanya Fuar\u0131nda tan\u0131tt\u0131 Volvo A25D Kaya Kamyonunun Y\u00fckl\u00fc Halde Bile Etkileyici Geri Vites Performans\u0131 Volvo A25D Zorlu Arazilerde ve Y\u00fcksek E\u011fimlerde Bile G\u00fcvenli Yola Tutu\u015f ve Y\u00fcksek Performans Volvo Belden K\u0131rmal\u0131 Y\u00fck Ta\u015f\u0131y\u0131c\u0131 Kaya Kamyonu A25E \u015eantiye Profesyonellerinin Tercihi Olmaya Devam Edecektir Volvo [&hellip;]\" \/>\n<meta property=\"og:url\" content=\"https:\/\/eyli.com.tr\/videolar\/\" \/>\n<meta property=\"og:site_name\" content=\"Eyli \u0130\u015f Makineleri\" \/>\n<meta property=\"article:publisher\" content=\"https:\/\/www.facebook.com\/eylicomtr\" \/>\n<meta property=\"article:modified_time\" content=\"2016-10-10T16:58:30+00:00\" \/>\n<meta property=\"og:image\" content=\"http:\/\/eyli.com.tr\/wp-content\/uploads\/2016\/05\/1-Volvo-A25D-yuklu-halde-bile-etkileyici-geri-vites-performansi-300x225.jpg\" \/>\n<meta name=\"twitter:card\" content=\"summary_large_image\" \/>\n<meta name=\"twitter:label1\" content=\"Est. reading time\" \/>\n\t<meta name=\"twitter:data1\" content=\"2 minutes\" \/>\n<script type=\"application\/ld+json\" class=\"yoast-schema-graph\">{\"@context\":\"https:\/\/schema.org\",\"@graph\":[{\"@type\":\"WebPage\",\"@id\":\"https:\/\/eyli.com.tr\/videolar\/\",\"url\":\"https:\/\/eyli.com.tr\/videolar\/\",\"name\":\"[:tr]Videolar[:en]Video[:ru]\u0432\u0438\u0434\u0435\u043e[:] - Eyli \u0130\u015f Makineleri\",\"isPartOf\":{\"@id\":\"https:\/\/eyli.com.tr\/#website\"},\"primaryImageOfPage\":{\"@id\":\"https:\/\/eyli.com.tr\/videolar\/#primaryimage\"},\"image\":{\"@id\":\"https:\/\/eyli.com.tr\/videolar\/#primaryimage\"},\"thumbnailUrl\":\"http:\/\/eyli.com.tr\/wp-content\/uploads\/2016\/05\/1-Volvo-A25D-yuklu-halde-bile-etkileyici-geri-vites-performansi-300x225.jpg\",\"datePublished\":\"2016-05-02T13:14:46+00:00\",\"dateModified\":\"2016-10-10T16:58:30+00:00\",\"breadcrumb\":{\"@id\":\"https:\/\/eyli.com.tr\/videolar\/#breadcrumb\"},\"inLanguage\":\"en-US\",\"potentialAction\":[{\"@type\":\"ReadAction\",\"target\":[\"https:\/\/eyli.com.tr\/videolar\/\"]}]},{\"@type\":\"ImageObject\",\"inLanguage\":\"en-US\",\"@id\":\"https:\/\/eyli.com.tr\/videolar\/#primaryimage\",\"url\":\"http:\/\/eyli.com.tr\/wp-content\/uploads\/2016\/05\/1-Volvo-A25D-yuklu-halde-bile-etkileyici-geri-vites-performansi-300x225.jpg\",\"contentUrl\":\"http:\/\/eyli.com.tr\/wp-content\/uploads\/2016\/05\/1-Volvo-A25D-yuklu-halde-bile-etkileyici-geri-vites-performansi-300x225.jpg\"},{\"@type\":\"BreadcrumbList\",\"@id\":\"https:\/\/eyli.com.tr\/videolar\/#breadcrumb\",\"itemListElement\":[{\"@type\":\"ListItem\",\"position\":1,\"name\":\"Ana sayfa\",\"item\":\"https:\/\/eyli.com.tr\/\"},{\"@type\":\"ListItem\",\"position\":2,\"name\":\"Videolar\"}]},{\"@type\":\"WebSite\",\"@id\":\"https:\/\/eyli.com.tr\/#website\",\"url\":\"https:\/\/eyli.com.tr\/\",\"name\":\"Eyli \u0130\u015f Makineleri\",\"description\":\"\",\"publisher\":{\"@id\":\"https:\/\/eyli.com.tr\/#organization\"},\"potentialAction\":[{\"@type\":\"SearchAction\",\"target\":{\"@type\":\"EntryPoint\",\"urlTemplate\":\"https:\/\/eyli.com.tr\/?s={search_term_string}\"},\"query-input\":{\"@type\":\"PropertyValueSpecification\",\"valueRequired\":true,\"valueName\":\"search_term_string\"}}],\"inLanguage\":\"en-US\"},{\"@type\":\"Organization\",\"@id\":\"https:\/\/eyli.com.tr\/#organization\",\"name\":\"Eyli \u0130\u015f Makineleri\",\"url\":\"https:\/\/eyli.com.tr\/\",\"logo\":{\"@type\":\"ImageObject\",\"inLanguage\":\"en-US\",\"@id\":\"https:\/\/eyli.com.tr\/#\/schema\/logo\/image\/\",\"url\":\"https:\/\/eyli.com.tr\/wp-content\/uploads\/2020\/04\/WhatsApp-Image-2020-04-23-at-03.11.52-e1587829137284.jpeg\",\"contentUrl\":\"https:\/\/eyli.com.tr\/wp-content\/uploads\/2020\/04\/WhatsApp-Image-2020-04-23-at-03.11.52-e1587829137284.jpeg\",\"width\":1600,\"height\":900,\"caption\":\"Eyli \u0130\u015f Makineleri\"},\"image\":{\"@id\":\"https:\/\/eyli.com.tr\/#\/schema\/logo\/image\/\"},\"sameAs\":[\"https:\/\/www.facebook.com\/eylicomtr\"]}]}<\/script>\n<!-- \/ Yoast SEO plugin. -->","yoast_head_json":{"title":"[:tr]Videolar[:en]Video[:ru]\u0432\u0438\u0434\u0435\u043e[:] - Eyli \u0130\u015f Makineleri","robots":{"index":"index","follow":"follow","max-snippet":"max-snippet:-1","max-image-preview":"max-image-preview:large","max-video-preview":"max-video-preview:-1"},"canonical":"https:\/\/eyli.com.tr\/videolar\/","og_locale":"en_US","og_type":"article","og_title":"[:tr]Videolar[:en]Video[:ru]\u0432\u0438\u0434\u0435\u043e[:] - Eyli \u0130\u015f Makineleri","og_description":"\u00a0Huzurlar\u0131n\u0131zda Yeni Volvo A60H Volvo A60H Kaya Kamyonunu ve EC950 Ekskavat\u00f6r\u00fcn\u00fc Bauma Almanya Fuar\u0131nda tan\u0131tt\u0131 Volvo A25D Kaya Kamyonunun Y\u00fckl\u00fc Halde Bile Etkileyici Geri Vites Performans\u0131 Volvo A25D Zorlu Arazilerde ve Y\u00fcksek E\u011fimlerde Bile G\u00fcvenli Yola Tutu\u015f ve Y\u00fcksek Performans Volvo Belden K\u0131rmal\u0131 Y\u00fck Ta\u015f\u0131y\u0131c\u0131 Kaya Kamyonu A25E \u015eantiye Profesyonellerinin Tercihi Olmaya Devam Edecektir Volvo [&hellip;]","og_url":"https:\/\/eyli.com.tr\/videolar\/","og_site_name":"Eyli \u0130\u015f Makineleri","article_publisher":"https:\/\/www.facebook.com\/eylicomtr","article_modified_time":"2016-10-10T16:58:30+00:00","og_image":[{"url":"http:\/\/eyli.com.tr\/wp-content\/uploads\/2016\/05\/1-Volvo-A25D-yuklu-halde-bile-etkileyici-geri-vites-performansi-300x225.jpg","type":"","width":"","height":""}],"twitter_card":"summary_large_image","twitter_misc":{"Est. reading time":"2 minutes"},"schema":{"@context":"https:\/\/schema.org","@graph":[{"@type":"WebPage","@id":"https:\/\/eyli.com.tr\/videolar\/","url":"https:\/\/eyli.com.tr\/videolar\/","name":"[:tr]Videolar[:en]Video[:ru]\u0432\u0438\u0434\u0435\u043e[:] - Eyli \u0130\u015f Makineleri","isPartOf":{"@id":"https:\/\/eyli.com.tr\/#website"},"primaryImageOfPage":{"@id":"https:\/\/eyli.com.tr\/videolar\/#primaryimage"},"image":{"@id":"https:\/\/eyli.com.tr\/videolar\/#primaryimage"},"thumbnailUrl":"http:\/\/eyli.com.tr\/wp-content\/uploads\/2016\/05\/1-Volvo-A25D-yuklu-halde-bile-etkileyici-geri-vites-performansi-300x225.jpg","datePublished":"2016-05-02T13:14:46+00:00","dateModified":"2016-10-10T16:58:30+00:00","breadcrumb":{"@id":"https:\/\/eyli.com.tr\/videolar\/#breadcrumb"},"inLanguage":"en-US","potentialAction":[{"@type":"ReadAction","target":["https:\/\/eyli.com.tr\/videolar\/"]}]},{"@type":"ImageObject","inLanguage":"en-US","@id":"https:\/\/eyli.com.tr\/videolar\/#primaryimage","url":"http:\/\/eyli.com.tr\/wp-content\/uploads\/2016\/05\/1-Volvo-A25D-yuklu-halde-bile-etkileyici-geri-vites-performansi-300x225.jpg","contentUrl":"http:\/\/eyli.com.tr\/wp-content\/uploads\/2016\/05\/1-Volvo-A25D-yuklu-halde-bile-etkileyici-geri-vites-performansi-300x225.jpg"},{"@type":"BreadcrumbList","@id":"https:\/\/eyli.com.tr\/videolar\/#breadcrumb","itemListElement":[{"@type":"ListItem","position":1,"name":"Ana sayfa","item":"https:\/\/eyli.com.tr\/"},{"@type":"ListItem","position":2,"name":"Videolar"}]},{"@type":"WebSite","@id":"https:\/\/eyli.com.tr\/#website","url":"https:\/\/eyli.com.tr\/","name":"Eyli \u0130\u015f Makineleri","description":"","publisher":{"@id":"https:\/\/eyli.com.tr\/#organization"},"potentialAction":[{"@type":"SearchAction","target":{"@type":"EntryPoint","urlTemplate":"https:\/\/eyli.com.tr\/?s={search_term_string}"},"query-input":{"@type":"PropertyValueSpecification","valueRequired":true,"valueName":"search_term_string"}}],"inLanguage":"en-US"},{"@type":"Organization","@id":"https:\/\/eyli.com.tr\/#organization","name":"Eyli \u0130\u015f Makineleri","url":"https:\/\/eyli.com.tr\/","logo":{"@type":"ImageObject","inLanguage":"en-US","@id":"https:\/\/eyli.com.tr\/#\/schema\/logo\/image\/","url":"https:\/\/eyli.com.tr\/wp-content\/uploads\/2020\/04\/WhatsApp-Image-2020-04-23-at-03.11.52-e1587829137284.jpeg","contentUrl":"https:\/\/eyli.com.tr\/wp-content\/uploads\/2020\/04\/WhatsApp-Image-2020-04-23-at-03.11.52-e1587829137284.jpeg","width":1600,"height":900,"caption":"Eyli \u0130\u015f Makineleri"},"image":{"@id":"https:\/\/eyli.com.tr\/#\/schema\/logo\/image\/"},"sameAs":["https:\/\/www.facebook.com\/eylicomtr"]}]}},"_links":{"self":[{"href":"https:\/\/eyli.com.tr\/en\/wp-json\/wp\/v2\/pages\/338","targetHints":{"allow":["GET"]}}],"collection":[{"href":"https:\/\/eyli.com.tr\/en\/wp-json\/wp\/v2\/pages"}],"about":[{"href":"https:\/\/eyli.com.tr\/en\/wp-json\/wp\/v2\/types\/page"}],"author":[{"embeddable":true,"href":"https:\/\/eyli.com.tr\/en\/wp-json\/wp\/v2\/users\/1"}],"replies":[{"embeddable":true,"href":"https:\/\/eyli.com.tr\/en\/wp-json\/wp\/v2\/comments?post=338"}],"version-history":[{"count":15,"href":"https:\/\/eyli.com.tr\/en\/wp-json\/wp\/v2\/pages\/338\/revisions"}],"predecessor-version":[{"id":1667,"href":"https:\/\/eyli.com.tr\/en\/wp-json\/wp\/v2\/pages\/338\/revisions\/1667"}],"wp:attachment":[{"href":"https:\/\/eyli.com.tr\/en\/wp-json\/wp\/v2\/media?parent=338"}],"curies":[{"name":"wp","href":"https:\/\/api.w.org\/{rel}","templated":true}]}}